{"id":154,"date":"2018-03-28T19:23:22","date_gmt":"2018-03-28T19:23:22","guid":{"rendered":"https:\/\/www.flane.com.pa\/blog\/?page_id=154"},"modified":"2020-06-26T06:49:36","modified_gmt":"2020-06-26T06:49:36","slug":"e-book-migrating-to-the-cloud","status":"publish","type":"page","link":"https:\/\/www.flane.com.pa\/blog\/es\/e-book-migrating-to-the-cloud\/","title":{"rendered":"E-book: Migrating to the Cloud"},"content":{"rendered":"<section class=\"l-section wpb_row height_small\"><div class=\"l-section-h i-cf\"><div class=\"g-cols vc_row via_flex valign_top type_default stacking_default\"><div class=\"vc_col-sm-6 wpb_column vc_column_container\"><div class=\"vc_column-inner\"><div class=\"wpb_wrapper\"><div class=\"wpb_text_column\"><div class=\"wpb_wrapper\"><h1>Migrating to the Cloud<\/h1>\n<\/div><\/div><div class=\"w-image align_center us_animate_fade\"><div class=\"w-image-h\"><img decoding=\"async\" width=\"259\" height=\"318\" src=\"https:\/\/www.flane.com.pa\/blog\/wp-content\/uploads\/2018\/03\/Migrating-to-the-Cloud-Whitepaper-Thumbnail.png\" class=\"attachment-full size-full\" alt=\"\" loading=\"lazy\" srcset=\"https:\/\/www.flane.com.pa\/blog\/wp-content\/uploads\/2018\/03\/Migrating-to-the-Cloud-Whitepaper-Thumbnail.png 259w, https:\/\/www.flane.com.pa\/blog\/wp-content\/uploads\/2018\/03\/Migrating-to-the-Cloud-Whitepaper-Thumbnail-244x300.png 244w\" sizes=\"auto, (max-width: 259px) 100vw, 259px\" \/><\/div><\/div><div class=\"wpb_text_column\"><div class=\"wpb_wrapper\"><p>As cloud adoption continues to grow, so will the demand for cloud skills and properly-trained professionals will capitalize on this demand. Specifically, experts in migrating from on-premise computing to cloud solutions will be in high demand as businesses seek to make the transition to cloud platforms. Professionals who have mastered these skills and are ready to help their companies transition to the cloud are critical to ensuring industry growth. But what if you\u2019re not among the small group of currently knowledgeable cloud pros? Fortunately, getting the right education is easier than you think.<\/p>\n<p><strong>What you&#8217;ll learn:<\/strong><\/p>\n<ul>\n<li>Promises and challenges of cloud computing<\/li>\n<li>Identifies some common migration patterns<\/li>\n<li>Reviews the key phases of a cloud migration methodology<\/li>\n<li>Examines the impact of cloud computing on IT roles<\/li>\n<\/ul>\n<\/div><\/div><\/div><\/div><\/div><div class=\"vc_col-sm-6 wpb_column vc_column_container\"><div class=\"vc_column-inner\"><div class=\"wpb_wrapper\">[contact-form-7 id=&#8221;157&#8243;]<\/div><\/div><\/div><\/div><\/div><\/section><section class=\"l-section wpb_row height_small\"><div class=\"l-section-h i-cf\"><div class=\"g-cols vc_row via_flex valign_top type_default stacking_default\"><div class=\"vc_col-sm-12 wpb_column vc_column_container\"><div class=\"vc_column-inner\"><div class=\"wpb_wrapper\"><div class=\"w-grid us_grid type_grid layout_4995 cols_3 preload_style_spinner\" id=\"us_grid_1\" style=\"--columns:3;--gap:1.5rem;\" data-filterable=\"true\"><style>.layout_4995 .w-grid-item-h{}.layout_4995 .usg_post_image_1{margin-bottom:1rem!important}.layout_4995 .usg_post_title_1{font-size:1.4rem!important;margin-bottom:0.5rem!important}.layout_4995 .usg_hwrapper_1{color:#8c857e!important;font-size:0.9rem!important}.layout_4995 .usg_post_content_1{margin-top:0.5rem!important}.layout_4995 .usg_btn_1{margin-top:1.5rem!important}<\/style><div class=\"w-grid-list\">\t<article class=\"w-grid-item size_1x1 post-12466 post type-post status-publish format-standard has-post-thumbnail hentry category-ai tag-automatizacion tag-cloud-computing tag-competencias-digitales tag-datos tag-empresas-espanolas tag-ia-en-espana tag-ia-generativa tag-inteligencia-artificial tag-tecnologia tag-transformacion-digital\" data-id=\"12466\">\r\n\t\t<div class=\"w-grid-item-h\">\r\n\t\t\t\t\t\t<div class=\"w-post-elm post_image usg_post_image_1 stretched\"><a href=\"https:\/\/www.flane.com.pa\/blog\/es\/inteligencia-artificial-espana-empresas\/\" aria-label=\"La IA ya est\u00e1 presente en 1 de cada 5 empresas espa\u00f1olas con 10 o m\u00e1s empleados. El pr\u00f3ximo reto es convertir su uso en resultados\"><img loading=\"lazy\" decoding=\"async\" width=\"600\" height=\"600\" src=\"https:\/\/www.flane.com.pa\/blog\/wp-content\/uploads\/2026\/08\/La-IA-ya-esta-presente-en-1-de-cada-5-empresas-espanolas-con-10-o-mas-empleados.-El-proximo-reto-es-convertir-su-uso-en-resultados-600x600.jpg\" class=\"attachment-us_600_600_crop size-us_600_600_crop wp-post-image\" alt=\"Mapa digital de Espa\u00f1a conectado por nodos de datos en una oficina tecnol\u00f3gica, con profesionales analizando informaci\u00f3n y elementos visuales de inteligencia artificial, cloud, ciberseguridad y automatizaci\u00f3n.\" srcset=\"https:\/\/www.flane.com.pa\/blog\/wp-content\/uploads\/2026\/08\/La-IA-ya-esta-presente-en-1-de-cada-5-empresas-espanolas-con-10-o-mas-empleados.-El-proximo-reto-es-convertir-su-uso-en-resultados-600x600.jpg 600w, https:\/\/www.flane.com.pa\/blog\/wp-content\/uploads\/2026\/08\/La-IA-ya-esta-presente-en-1-de-cada-5-empresas-espanolas-con-10-o-mas-empleados.-El-proximo-reto-es-convertir-su-uso-en-resultados-150x150.jpg 150w\" sizes=\"auto, (max-width: 600px) 100vw, 600px\" \/><\/a><\/div><h2 class=\"w-post-elm post_title usg_post_title_1 color_link_inherit\"><a href=\"https:\/\/www.flane.com.pa\/blog\/es\/inteligencia-artificial-espana-empresas\/\">La IA ya est\u00e1 presente en 1 de cada 5 empresas espa\u00f1olas con 10 o m\u00e1s empleados. El pr\u00f3ximo reto es convertir su uso en resultados<\/a><\/h2><div class=\"w-hwrapper usg_hwrapper_1 has_text_color align_left valign_top wrap\" style=\"--hwrapper-gap: 1.2rem;\"><time class=\"w-post-elm post_date usg_post_date_1 entry-date published\" datetime=\"2026-09-02T11:29:35-03:00\"><i class=\"far fa-clock\"><\/i>setembro 2, 2026<\/time><div class=\"w-post-elm post_author usg_post_author_1 vcard author color_link_inherit\"><i class=\"far fa-user\"><\/i><div class=\"post-author-meta\"><a href=\"https:\/\/www.flane.com.pa\/blog\/author\/admin\/\" class=\"post-author-name fn\">Fast Lane TechTalk<\/a><\/div><\/div><div class=\"w-post-elm post_taxonomy usg_post_taxonomy_1 style_simple color_link_inherit\"><i class=\"far fa-folder-open\"><\/i><a class=\"term-1805 term-ai\" href=\"https:\/\/www.flane.com.pa\/blog\/es\/category\/topics\/ai\/\">Artificial Intelligence<\/a><\/div><div class=\"w-post-elm post_comments usg_post_comments_1 layout_amount color_link_inherit with_word\"><i class=\"far fa-comments\"><\/i><a href=\"https:\/\/www.flane.com.pa\/blog\/es\/inteligencia-artificial-espana-empresas\/#respond\" class=\"smooth-scroll\">Nenhum coment\u00e1rio<\/a><\/div><\/div><div class=\"w-post-elm post_content usg_post_content_1\">La inteligencia artificial ya es utilizada por el 21,1 % de las empresas espa\u00f1olas con 10 o m\u00e1s empleados. En el primer trimestre de 2025, su adopci\u00f3n aument\u00f3 8,7 puntos porcentuales respecto al a\u00f1o anterior, seg\u00fan el Instituto Nacional de Estad\u00edstica de Espa\u00f1a (INE). Este crecimiento sit\u00faa a la inteligencia artificial en Espa\u00f1a en una&hellip;<\/div><a class=\"w-btn us-btn-style_1 usg_btn_1\" href=\"https:\/\/www.flane.com.pa\/blog\/es\/inteligencia-artificial-espana-empresas\/\"><span class=\"w-btn-label\">Read More<\/span><\/a>\t\t<\/div>\r\n\t\t\t<\/article>\r\n\t<article class=\"w-grid-item size_1x1 post-12463 post type-post status-publish format-standard has-post-thumbnail hentry category-cloud-pt category-cybersecurity-pt tag-ameacas-digitais tag-automacao tag-ciberseguranca-pt tag-fast-lane-pt tag-inteligencia-artificial-pt tag-inteligencia-de-ameacas tag-resposta-a-incidentes tag-seguranca-da-informacao-pt tag-siem tag-soar tag-techtalk tag-threat-intelligence tag-xdr\" data-id=\"12463\">\r\n\t\t<div class=\"w-grid-item-h\">\r\n\t\t\t\t\t\t<div class=\"w-post-elm post_image usg_post_image_1 stretched\"><a href=\"https:\/\/www.flane.com.pa\/blog\/pt\/threat-intelligence-ameacas-digitais\/\" aria-label=\"Threat Intelligence: como se antecipar \u00e0s amea\u00e7as digitais\"><img loading=\"lazy\" decoding=\"async\" width=\"600\" height=\"600\" src=\"https:\/\/www.flane.com.pa\/blog\/wp-content\/uploads\/2026\/08\/Threat-Intelligence-como-se-antecipar-as-ameacas-digitais-1-600x600.jpg\" class=\"attachment-us_600_600_crop size-us_600_600_crop wp-post-image\" alt=\"Representa\u00e7\u00e3o digital de Threat Intelligence com conex\u00f5es em vermelho e azul, indicando amea\u00e7as, dados de seguran\u00e7a e an\u00e1lise para antecipar riscos cibern\u00e9ticos.\" srcset=\"https:\/\/www.flane.com.pa\/blog\/wp-content\/uploads\/2026\/08\/Threat-Intelligence-como-se-antecipar-as-ameacas-digitais-1-600x600.jpg 600w, https:\/\/www.flane.com.pa\/blog\/wp-content\/uploads\/2026\/08\/Threat-Intelligence-como-se-antecipar-as-ameacas-digitais-1-150x150.jpg 150w\" sizes=\"auto, (max-width: 600px) 100vw, 600px\" \/><\/a><\/div><h2 class=\"w-post-elm post_title usg_post_title_1 color_link_inherit\"><a href=\"https:\/\/www.flane.com.pa\/blog\/pt\/threat-intelligence-ameacas-digitais\/\">Threat Intelligence: como se antecipar \u00e0s amea\u00e7as digitais<\/a><\/h2><div class=\"w-hwrapper usg_hwrapper_1 has_text_color align_left valign_top wrap\" style=\"--hwrapper-gap: 1.2rem;\"><time class=\"w-post-elm post_date usg_post_date_1 entry-date published\" datetime=\"2026-08-27T14:58:26-03:00\"><i class=\"far fa-clock\"><\/i>agosto 27, 2026<\/time><div class=\"w-post-elm post_author usg_post_author_1 vcard author color_link_inherit\"><i class=\"far fa-user\"><\/i><div class=\"post-author-meta\"><a href=\"https:\/\/www.flane.com.pa\/blog\/author\/admin\/\" class=\"post-author-name fn\">Fast Lane TechTalk<\/a><\/div><\/div><div class=\"w-post-elm post_taxonomy usg_post_taxonomy_1 style_simple color_link_inherit\"><i class=\"far fa-folder-open\"><\/i><a class=\"term-1870 term-cloud-pt\" href=\"https:\/\/www.flane.com.pa\/blog\/pt\/category\/topics-pt\/cloud-pt\/\">Cloud<\/a><b>, <\/b><a class=\"term-1872 term-cybersecurity-pt\" href=\"https:\/\/www.flane.com.pa\/blog\/pt\/category\/topics-pt\/cybersecurity-pt\/\">Cyber Security<\/a><\/div><div class=\"w-post-elm post_comments usg_post_comments_1 layout_amount color_link_inherit with_word\"><i class=\"far fa-comments\"><\/i><a href=\"https:\/\/www.flane.com.pa\/blog\/pt\/threat-intelligence-ameacas-digitais\/#respond\" class=\"smooth-scroll\">Nenhum coment\u00e1rio<\/a><\/div><\/div><div class=\"w-post-elm post_content usg_post_content_1\">As amea\u00e7as digitais evoluem constantemente. Os cibercriminosos desenvolvem novas t\u00e9cnicas, exploram vulnerabilidades e adaptam seus ataques para contornar os mecanismos tradicionais de seguran\u00e7a. Nesse cen\u00e1rio, Threat Intelligence, ou intelig\u00eancia de amea\u00e7as, torna-se uma ferramenta estrat\u00e9gica para que as organiza\u00e7\u00f5es deixem de apenas reagir a incidentes e passem a se antecipar a poss\u00edveis ataques. Mas o&hellip;<\/div><a class=\"w-btn us-btn-style_1 usg_btn_1\" href=\"https:\/\/www.flane.com.pa\/blog\/pt\/threat-intelligence-ameacas-digitais\/\"><span class=\"w-btn-label\">Read More<\/span><\/a>\t\t<\/div>\r\n\t\t\t<\/article>\r\n\t<article class=\"w-grid-item size_1x1 post-12446 post type-post status-publish format-standard has-post-thumbnail hentry category-ai category-cybersecurity category-fastlane\" data-id=\"12446\">\r\n\t\t<div class=\"w-grid-item-h\">\r\n\t\t\t\t\t\t<div class=\"w-post-elm post_image usg_post_image_1 stretched\"><a href=\"https:\/\/www.flane.com.pa\/blog\/es\/threat-intelligence\/\" aria-label=\"Threat Intelligence: c\u00f3mo anticiparse a las amenazas digitales\"><img loading=\"lazy\" decoding=\"async\" width=\"600\" height=\"600\" src=\"https:\/\/www.flane.com.pa\/blog\/wp-content\/uploads\/2026\/08\/ChatGPT-Image-27-de-ago.-de-2026-10_40_54-600x600.png\" class=\"attachment-us_600_600_crop size-us_600_600_crop wp-post-image\" alt=\"\" srcset=\"https:\/\/www.flane.com.pa\/blog\/wp-content\/uploads\/2026\/08\/ChatGPT-Image-27-de-ago.-de-2026-10_40_54-600x600.png 600w, https:\/\/www.flane.com.pa\/blog\/wp-content\/uploads\/2026\/08\/ChatGPT-Image-27-de-ago.-de-2026-10_40_54-150x150.png 150w\" sizes=\"auto, (max-width: 600px) 100vw, 600px\" \/><\/a><\/div><h2 class=\"w-post-elm post_title usg_post_title_1 color_link_inherit\"><a href=\"https:\/\/www.flane.com.pa\/blog\/es\/threat-intelligence\/\">Threat Intelligence: c\u00f3mo anticiparse a las amenazas digitales<\/a><\/h2><div class=\"w-hwrapper usg_hwrapper_1 has_text_color align_left valign_top wrap\" style=\"--hwrapper-gap: 1.2rem;\"><time class=\"w-post-elm post_date usg_post_date_1 entry-date published\" datetime=\"2026-08-27T12:48:56-03:00\"><i class=\"far fa-clock\"><\/i>agosto 27, 2026<\/time><div class=\"w-post-elm post_author usg_post_author_1 vcard author color_link_inherit\"><i class=\"far fa-user\"><\/i><div class=\"post-author-meta\"><a href=\"https:\/\/www.flane.com.pa\/blog\/author\/mayra-toullier\/\" class=\"post-author-name fn\">Mayra Toullier<\/a><\/div><\/div><div class=\"w-post-elm post_taxonomy usg_post_taxonomy_1 style_simple color_link_inherit\"><i class=\"far fa-folder-open\"><\/i><a class=\"term-1805 term-ai\" href=\"https:\/\/www.flane.com.pa\/blog\/es\/category\/topics\/ai\/\">Artificial Intelligence<\/a><b>, <\/b><a class=\"term-1809 term-cybersecurity\" href=\"https:\/\/www.flane.com.pa\/blog\/es\/category\/topics\/cybersecurity\/\">Cyber Security<\/a><b>, <\/b><a class=\"term-1924 term-fastlane\" href=\"https:\/\/www.flane.com.pa\/blog\/es\/category\/vendors\/fastlane\/\">Fast Lane<\/a><\/div><div class=\"w-post-elm post_comments usg_post_comments_1 layout_amount color_link_inherit with_word\"><i class=\"far fa-comments\"><\/i><a href=\"https:\/\/www.flane.com.pa\/blog\/es\/threat-intelligence\/#respond\" class=\"smooth-scroll\">Nenhum coment\u00e1rio<\/a><\/div><\/div><div class=\"w-post-elm post_content usg_post_content_1\">Las amenazas digitales evolucionan constantemente. Los ciberdelincuentes desarrollan nuevas t\u00e9cnicas, aprovechan vulnerabilidades y adaptan sus ataques para evadir los mecanismos tradicionales de seguridad. En este escenario, Threat Intelligence o inteligencia de amenazas se convierte en una herramienta estrat\u00e9gica para que las organizaciones puedan pasar de reaccionar ante un incidente a anticiparse a posibles ataques. Pero&hellip;<\/div><a class=\"w-btn us-btn-style_1 usg_btn_1\" href=\"https:\/\/www.flane.com.pa\/blog\/es\/threat-intelligence\/\"><span class=\"w-btn-label\">Read More<\/span><\/a>\t\t<\/div>\r\n\t\t\t<\/article>\r\n<\/div>\t<div class=\"w-grid-preloader\">\r\n\t\t<div class=\"g-preloader type_1\">\r\n\t\t\t<div><\/div>\r\n\t\t<\/div>\r\n\t<\/div>\r\n\t\t<div class=\"w-grid-json hidden\" onclick='return {&quot;action&quot;:&quot;us_ajax_grid&quot;,&quot;infinite_scroll&quot;:0,&quot;max_num_pages&quot;:155,&quot;pagination&quot;:&quot;none&quot;,&quot;template_vars&quot;:{&quot;columns&quot;:&quot;3&quot;,&quot;exclude_items&quot;:&quot;none&quot;,&quot;img_size&quot;:&quot;us_600_600_crop&quot;,&quot;ignore_items_size&quot;:0,&quot;items_layout&quot;:&quot;4995&quot;,&quot;items_offset&quot;:&quot;1&quot;,&quot;load_animation&quot;:&quot;none&quot;,&quot;overriding_link&quot;:&quot;{\\&quot;url\\&quot;:\\&quot;\\&quot;}&quot;,&quot;post_id&quot;:0,&quot;query_args&quot;:{&quot;post_type&quot;:[&quot;post&quot;],&quot;post_status&quot;:[&quot;publish&quot;,&quot;acf-disabled&quot;],&quot;posts_per_page&quot;:&quot;3&quot;},&quot;orderby_query_args&quot;:{&quot;orderby&quot;:{&quot;date&quot;:&quot;DESC&quot;}},&quot;type&quot;:&quot;grid&quot;,&quot;us_grid_post_type&quot;:&quot;post&quot;,&quot;us_grid_ajax_index&quot;:1,&quot;us_grid_filter_query_string&quot;:null,&quot;us_grid_index&quot;:1,&quot;page_args&quot;:[]}}'><\/div>\r\n\t<\/div><\/div><\/div><\/div><\/div><\/div><\/section>\n","protected":false},"excerpt":{"rendered":"Las amenazas digitales evolucionan constantemente. Los ciberdelincuentes desarrollan nuevas t\u00e9cnicas, aprovechan vulnerabilidades y adaptan sus ataques para evadir los mecanismos tradicionales de seguridad. En este escenario, Threat Intelligence o inteligencia de amenazas se convierte en una herramienta estrat\u00e9gica para que las organizaciones puedan pasar de reaccionar ante un incidente a anticiparse a posibles ataques. Pero...","protected":false},"author":1,"featured_media":0,"parent":0,"menu_order":0,"comment_status":"closed","ping_status":"closed","template":"","meta":{"_acf_changed":false,"footnotes":""},"class_list":["post-154","page","type-page","status-publish","hentry"],"acf":[],"yoast_head":"<!-- This site is optimized with the Yoast SEO plugin v28.0 - https:\/\/yoast.com\/product\/yoast-seo-wordpress\/ -->\n<title>E-book: Migrating to the Cloud - TechTalk powered by Fast Lane LATAM<\/title>\n<meta name=\"robots\" content=\"index, follow, max-snippet:-1, max-image-preview:large, max-video-preview:-1\" \/>\n<link rel=\"canonical\" href=\"https:\/\/www.flane.com.pa\/blog\/es\/e-book-migrating-to-the-cloud\/\" \/>\n<meta property=\"og:locale\" content=\"pt_BR\" \/>\n<meta property=\"og:type\" content=\"article\" \/>\n<meta property=\"og:title\" content=\"E-book: Migrating to the Cloud - TechTalk powered by Fast Lane LATAM\" \/>\n<meta property=\"og:url\" content=\"https:\/\/www.flane.com.pa\/blog\/es\/e-book-migrating-to-the-cloud\/\" \/>\n<meta property=\"og:site_name\" content=\"TechTalk powered by Fast Lane LATAM\" \/>\n<meta property=\"article:publisher\" content=\"https:\/\/www.facebook.com\/FastLane.br\" \/>\n<meta property=\"article:modified_time\" content=\"2020-06-26T06:49:36+00:00\" \/>\n<meta name=\"twitter:card\" content=\"summary_large_image\" \/>\n<meta name=\"twitter:site\" content=\"@FastLaneBr\" \/>\n<meta name=\"twitter:label1\" content=\"Est. tempo de leitura\" \/>\n\t<meta name=\"twitter:data1\" content=\"1 minuto\" \/>\n<script type=\"application\/ld+json\" class=\"yoast-schema-graph\">{\"@context\":\"https:\\\/\\\/schema.org\",\"@graph\":[{\"@type\":\"WebPage\",\"@id\":\"https:\\\/\\\/www.flane.com.pa\\\/blog\\\/es\\\/e-book-migrating-to-the-cloud\\\/\",\"url\":\"https:\\\/\\\/www.flane.com.pa\\\/blog\\\/es\\\/e-book-migrating-to-the-cloud\\\/\",\"name\":\"E-book: Migrating to the Cloud - TechTalk powered by Fast Lane LATAM\",\"isPartOf\":{\"@id\":\"https:\\\/\\\/www.flane.com.pa\\\/blog\\\/#website\"},\"datePublished\":\"2018-03-28T19:23:22+00:00\",\"dateModified\":\"2020-06-26T06:49:36+00:00\",\"breadcrumb\":{\"@id\":\"https:\\\/\\\/www.flane.com.pa\\\/blog\\\/es\\\/e-book-migrating-to-the-cloud\\\/#breadcrumb\"},\"inLanguage\":\"pt-BR\",\"potentialAction\":[{\"@type\":\"ReadAction\",\"target\":[\"https:\\\/\\\/www.flane.com.pa\\\/blog\\\/es\\\/e-book-migrating-to-the-cloud\\\/\"]}]},{\"@type\":\"BreadcrumbList\",\"@id\":\"https:\\\/\\\/www.flane.com.pa\\\/blog\\\/es\\\/e-book-migrating-to-the-cloud\\\/#breadcrumb\",\"itemListElement\":[{\"@type\":\"ListItem\",\"position\":1,\"name\":\"Home\",\"item\":\"https:\\\/\\\/www.flane.com.pa\\\/blog\\\/es\\\/\"},{\"@type\":\"ListItem\",\"position\":2,\"name\":\"E-book: Migrating to the Cloud\"}]},{\"@type\":\"WebSite\",\"@id\":\"https:\\\/\\\/www.flane.com.pa\\\/blog\\\/#website\",\"url\":\"https:\\\/\\\/www.flane.com.pa\\\/blog\\\/\",\"name\":\"TechTalk powered by Fast Lane LATAM\",\"description\":\"Sharing ideas and knowledge on IT training and certification\",\"publisher\":{\"@id\":\"https:\\\/\\\/www.flane.com.pa\\\/blog\\\/#organization\"},\"potentialAction\":[{\"@type\":\"SearchAction\",\"target\":{\"@type\":\"EntryPoint\",\"urlTemplate\":\"https:\\\/\\\/www.flane.com.pa\\\/blog\\\/?s={search_term_string}\"},\"query-input\":{\"@type\":\"PropertyValueSpecification\",\"valueRequired\":true,\"valueName\":\"search_term_string\"}}],\"inLanguage\":\"pt-BR\"},{\"@type\":\"Organization\",\"@id\":\"https:\\\/\\\/www.flane.com.pa\\\/blog\\\/#organization\",\"name\":\"Fast Lane Brasil\",\"url\":\"https:\\\/\\\/www.flane.com.pa\\\/blog\\\/\",\"logo\":{\"@type\":\"ImageObject\",\"inLanguage\":\"pt-BR\",\"@id\":\"https:\\\/\\\/www.flane.com.pa\\\/blog\\\/#\\\/schema\\\/logo\\\/image\\\/\",\"url\":\"https:\\\/\\\/www.flane.com.pa\\\/blog\\\/wp-content\\\/uploads\\\/2019\\\/10\\\/fast-lane-ng3.png\",\"contentUrl\":\"https:\\\/\\\/www.flane.com.pa\\\/blog\\\/wp-content\\\/uploads\\\/2019\\\/10\\\/fast-lane-ng3.png\",\"width\":209,\"height\":31,\"caption\":\"Fast Lane Brasil\"},\"image\":{\"@id\":\"https:\\\/\\\/www.flane.com.pa\\\/blog\\\/#\\\/schema\\\/logo\\\/image\\\/\"},\"sameAs\":[\"https:\\\/\\\/www.facebook.com\\\/FastLane.br\",\"https:\\\/\\\/x.com\\\/FastLaneBr\",\"https:\\\/\\\/www.instagram.com\\\/fastlane.br\\\/\",\"https:\\\/\\\/www.linkedin.com\\\/company\\\/fastlanebr\"]}]}<\/script>\n<!-- \/ Yoast SEO plugin. -->","yoast_head_json":{"title":"E-book: Migrating to the Cloud - TechTalk powered by Fast Lane LATAM","robots":{"index":"index","follow":"follow","max-snippet":"max-snippet:-1","max-image-preview":"max-image-preview:large","max-video-preview":"max-video-preview:-1"},"canonical":"https:\/\/www.flane.com.pa\/blog\/es\/e-book-migrating-to-the-cloud\/","og_locale":"pt_BR","og_type":"article","og_title":"E-book: Migrating to the Cloud - TechTalk powered by Fast Lane LATAM","og_url":"https:\/\/www.flane.com.pa\/blog\/es\/e-book-migrating-to-the-cloud\/","og_site_name":"TechTalk powered by Fast Lane LATAM","article_publisher":"https:\/\/www.facebook.com\/FastLane.br","article_modified_time":"2020-06-26T06:49:36+00:00","twitter_card":"summary_large_image","twitter_site":"@FastLaneBr","twitter_misc":{"Est. tempo de leitura":"1 minuto"},"schema":{"@context":"https:\/\/schema.org","@graph":[{"@type":"WebPage","@id":"https:\/\/www.flane.com.pa\/blog\/es\/e-book-migrating-to-the-cloud\/","url":"https:\/\/www.flane.com.pa\/blog\/es\/e-book-migrating-to-the-cloud\/","name":"E-book: Migrating to the Cloud - TechTalk powered by Fast Lane LATAM","isPartOf":{"@id":"https:\/\/www.flane.com.pa\/blog\/#website"},"datePublished":"2018-03-28T19:23:22+00:00","dateModified":"2020-06-26T06:49:36+00:00","breadcrumb":{"@id":"https:\/\/www.flane.com.pa\/blog\/es\/e-book-migrating-to-the-cloud\/#breadcrumb"},"inLanguage":"pt-BR","potentialAction":[{"@type":"ReadAction","target":["https:\/\/www.flane.com.pa\/blog\/es\/e-book-migrating-to-the-cloud\/"]}]},{"@type":"BreadcrumbList","@id":"https:\/\/www.flane.com.pa\/blog\/es\/e-book-migrating-to-the-cloud\/#breadcrumb","itemListElement":[{"@type":"ListItem","position":1,"name":"Home","item":"https:\/\/www.flane.com.pa\/blog\/es\/"},{"@type":"ListItem","position":2,"name":"E-book: Migrating to the Cloud"}]},{"@type":"WebSite","@id":"https:\/\/www.flane.com.pa\/blog\/#website","url":"https:\/\/www.flane.com.pa\/blog\/","name":"TechTalk powered by Fast Lane LATAM","description":"Sharing ideas and knowledge on IT training and certification","publisher":{"@id":"https:\/\/www.flane.com.pa\/blog\/#organization"},"potentialAction":[{"@type":"SearchAction","target":{"@type":"EntryPoint","urlTemplate":"https:\/\/www.flane.com.pa\/blog\/?s={search_term_string}"},"query-input":{"@type":"PropertyValueSpecification","valueRequired":true,"valueName":"search_term_string"}}],"inLanguage":"pt-BR"},{"@type":"Organization","@id":"https:\/\/www.flane.com.pa\/blog\/#organization","name":"Fast Lane Brasil","url":"https:\/\/www.flane.com.pa\/blog\/","logo":{"@type":"ImageObject","inLanguage":"pt-BR","@id":"https:\/\/www.flane.com.pa\/blog\/#\/schema\/logo\/image\/","url":"https:\/\/www.flane.com.pa\/blog\/wp-content\/uploads\/2019\/10\/fast-lane-ng3.png","contentUrl":"https:\/\/www.flane.com.pa\/blog\/wp-content\/uploads\/2019\/10\/fast-lane-ng3.png","width":209,"height":31,"caption":"Fast Lane Brasil"},"image":{"@id":"https:\/\/www.flane.com.pa\/blog\/#\/schema\/logo\/image\/"},"sameAs":["https:\/\/www.facebook.com\/FastLane.br","https:\/\/x.com\/FastLaneBr","https:\/\/www.instagram.com\/fastlane.br\/","https:\/\/www.linkedin.com\/company\/fastlanebr"]}]}},"_links":{"self":[{"href":"https:\/\/www.flane.com.pa\/blog\/wp-json\/wp\/v2\/pages\/154","targetHints":{"allow":["GET"]}}],"collection":[{"href":"https:\/\/www.flane.com.pa\/blog\/wp-json\/wp\/v2\/pages"}],"about":[{"href":"https:\/\/www.flane.com.pa\/blog\/wp-json\/wp\/v2\/types\/page"}],"author":[{"embeddable":true,"href":"https:\/\/www.flane.com.pa\/blog\/wp-json\/wp\/v2\/users\/1"}],"replies":[{"embeddable":true,"href":"https:\/\/www.flane.com.pa\/blog\/wp-json\/wp\/v2\/comments?post=154"}],"version-history":[{"count":9,"href":"https:\/\/www.flane.com.pa\/blog\/wp-json\/wp\/v2\/pages\/154\/revisions"}],"predecessor-version":[{"id":5275,"href":"https:\/\/www.flane.com.pa\/blog\/wp-json\/wp\/v2\/pages\/154\/revisions\/5275"}],"wp:attachment":[{"href":"https:\/\/www.flane.com.pa\/blog\/wp-json\/wp\/v2\/media?parent=154"}],"curies":[{"name":"wp","href":"https:\/\/api.w.org\/{rel}","templated":true}]}}